{"id":226,"date":"2024-05-08T14:20:59","date_gmt":"2024-05-08T18:20:59","guid":{"rendered":"https:\/\/mccaig.swlauriersb.qc.ca\/our-school-about-us\/"},"modified":"2024-05-28T14:39:26","modified_gmt":"2024-05-28T18:39:26","slug":"notre-ecole-a-propos","status":"publish","type":"page","link":"https:\/\/mccaig.swlauriersb.qc.ca\/fr\/notre-ecole-a-propos\/","title":{"rendered":"Notre \u00e9cole \/ \u00e0 propos"},"content":{"rendered":"\n<h2 class=\"wp-block-heading\">MISSION DE MCCAIG&nbsp;: PERMETTRE AUX ENFANTS DE R\u00c9ALISER LEUR PLEIN POTENTIEL DANS UN ENVIRONNEMENT D\u2019APPRENTISSAGE HEUREUX ET S\u00c9CURITAIRE<\/h2>\n\n\n\n<p>McCaig a pour mission de cr\u00e9er un environnement d\u2019apprentissage s\u00fbr et inclusif. Un environnement dans lequel notre communaut\u00e9 s\u2019am\u00e9liore continuellement en veillant \u00e0 ce que nos \u00e9l\u00e8ves b\u00e9n\u00e9ficient de m\u00e9thodes d\u2019enseignement innovantes et efficaces, d\u2019espaces de classe et de ressources qui favorisent un d\u00e9veloppement appropri\u00e9. Avec des attentes \u00e9lev\u00e9es pour tous, nous engageons activement toutes nos parties prenantes \u00e0 soutenir le processus d\u2019enseignement et d\u2019apprentissage. Nous nous engageons \u00e0 fournir \u00e0 nos \u00e9l\u00e0ves des exp\u00e9riences d\u2019apprentissage de la plus haute qualit\u00e9, en les dotant des connaissances et des comp\u00e9tences n\u00e9cessaires pour r\u00e9ussir dans la vie.<\/p>\n\n\n\n<h2 class=\"wp-block-heading\">VISION DE MCCAIG&nbsp;: APPRENDRE ENSEMBLE, R\u00c9ALISER ENSEMBLE, C\u00c9L\u00c9BRER ENSEMBLE<\/h2>\n\n\n\n<p>Chez McCaig, nous croyons que l\u2019\u00e9ducation peut donner aux \u00e9l\u00e8ves des connaissances pr\u00e9cieuses et des comp\u00e9tences utiles, ainsi que les pr\u00e9parer \u00e0 \u00eatre des membres bien \u00e9quilibr\u00e9s et utiles de la soci\u00e9t\u00e9. Nous envisageons un avenir o\u00f9 le potentiel de chaque enfant est atteint et o\u00f9 ils deviennent des apprenants respectueux et tol\u00e9rants tout au long de la vie avec des caract\u00e8res moraux forts qui peuvent relever tous les d\u00e9fis que l\u2019avenir peut apporter.<\/p>\n\n\n\n<p>L\u2019\u00e9cole primaire McCaig s\u2019engage \u00e0 promouvoir le d\u00e9veloppement personnel, social et scolaire du potentiel de chaque enfant.<\/p>\n\n\n\n<p>Ceci est r\u00e9alis\u00e9 par&nbsp;:<\/p>\n\n\n\n<ul>\n<li>Impliquer les parents, les enseignants et les autres membres de la communaut\u00e9 scolaire dans un esprit d\u2019enthousiasme<\/li>\n\n\n\n<li>Maintenir les normes acad\u00e9miques \u00e0 l\u2019avant-garde<\/li>\n\n\n\n<li>Acquisition de comp\u00e9tences en litt\u00e9ratie<ul><li>Encourager les \u00e9l\u00e8ves \u00e0 explorer, exp\u00e9rimenter et progresser<\/li><\/ul><ul><li>Accepter le style d\u2019apprentissage individuel<\/li><\/ul>\n<ul>\n<li>Impliquer les \u00e9l\u00e8ves dans le processus de leur propre apprentissage<\/li>\n<\/ul>\n<\/li>\n\n\n\n<li>Favoriser le respect et la responsabilit\u00e9<ul><li>Offrir un environnement favorable et accueillant<\/li><\/ul>\n<ul>\n<li>Encourager l\u2019acceptation de la diversit\u00e9 culturelle<\/li>\n<\/ul>\n<\/li>\n\n\n\n<li>Maintenir un environnement scolaire bienveillant, s\u00e9curitaire et responsable<\/li>\n\n\n\n<li>Promouvoir les activit\u00e9s parascolaires<\/li>\n<\/ul>\n\n\n\n<h2 class=\"wp-block-heading\">Programmes&nbsp;&nbsp;<\/h2>\n\n\n\n<p>L\u2019\u00e9cole primaire McCaig offre un solide programme d\u2019\u00e9tudes en anglais conform\u00e9ment au programme d\u2019\u00e9ducation du Qu\u00e9bec.<\/p>\n\n\n\n<ul>\n<li>Tous les \u00e9l\u00e8ves r\u00e9ussissent dans une classe int\u00e9gr\u00e9e.<\/li>\n\n\n\n<li>Trente pour cent (30&nbsp;%) du programme est enseign\u00e9 en fran\u00e7ais &#8211; enseignement de la langue fran\u00e7aise, \u00e9tudes sociales et art.<\/li>\n\n\n\n<li>Le programme Digit, Numbers and Decimal et les ressources pr\u00e9par\u00e9es par l\u2019enseignant appuient les comp\u00e9tences du programme de math\u00e9matiques.<\/li>\n\n\n\n<li>De plus, notre programme de th\u00e9\u00e2tre est un \u00e9l\u00e9ment enrichissant de l\u2019\u00e9ducation de chaque enfant.<\/li>\n\n\n\n<li>Le programme d\u2019\u00e9tudes de l\u2019\u00e9l\u00e8ve est compl\u00e9t\u00e9 par un vaste programme d\u2019\u00e9ducation physique.<\/li>\n<\/ul>\n","protected":false},"excerpt":{"rendered":"<p>MISSION DE MCCAIG&nbsp;: PERMETTRE AUX ENFANTS DE R\u00c9ALISER LEUR PLEIN POTENTIEL DANS UN ENVIRONNEMENT D\u2019APPRENTISSAGE HEUREUX ET S\u00c9CURITAIRE McCaig a pour mission de cr\u00e9er un environnement d\u2019apprentissage s\u00fbr et inclusif. Un environnement dans lequel notre communaut\u00e9 s\u2019am\u00e9liore continuellement en veillant \u00e0 ce que nos \u00e9l\u00e8ves b\u00e9n\u00e9ficient de m\u00e9thodes d\u2019enseignement innovantes et efficaces, d\u2019espaces de classe&hellip;<\/p>\n","protected":false},"author":1,"featured_media":0,"parent":0,"menu_order":0,"comment_status":"closed","ping_status":"closed","template":"","meta":{"_acf_changed":false,"_relevanssi_hide_post":"","_relevanssi_hide_content":"","_relevanssi_pin_for_all":"","_relevanssi_pin_keywords":"","_relevanssi_unpin_keywords":"","_relevanssi_related_keywords":"","_relevanssi_related_include_ids":"","_relevanssi_related_exclude_ids":"","_relevanssi_related_no_append":"","_relevanssi_related_not_related":"","_relevanssi_related_posts":"","_relevanssi_noindex_reason":"","footnotes":""},"acf":[],"_links":{"self":[{"href":"https:\/\/mccaig.swlauriersb.qc.ca\/fr\/wp-json\/wp\/v2\/pages\/226"}],"collection":[{"href":"https:\/\/mccaig.swlauriersb.qc.ca\/fr\/wp-json\/wp\/v2\/pages"}],"about":[{"href":"https:\/\/mccaig.swlauriersb.qc.ca\/fr\/wp-json\/wp\/v2\/types\/page"}],"author":[{"embeddable":true,"href":"https:\/\/mccaig.swlauriersb.qc.ca\/fr\/wp-json\/wp\/v2\/users\/1"}],"replies":[{"embeddable":true,"href":"https:\/\/mccaig.swlauriersb.qc.ca\/fr\/wp-json\/wp\/v2\/comments?post=226"}],"version-history":[{"count":2,"href":"https:\/\/mccaig.swlauriersb.qc.ca\/fr\/wp-json\/wp\/v2\/pages\/226\/revisions"}],"predecessor-version":[{"id":380,"href":"https:\/\/mccaig.swlauriersb.qc.ca\/fr\/wp-json\/wp\/v2\/pages\/226\/revisions\/380"}],"wp:attachment":[{"href":"https:\/\/mccaig.swlauriersb.qc.ca\/fr\/wp-json\/wp\/v2\/media?parent=226"}],"curies":[{"name":"wp","href":"https:\/\/api.w.org\/{rel}","templated":true}]}}